{"id":25,"date":"2024-06-03T11:13:47","date_gmt":"2024-06-03T11:13:47","guid":{"rendered":"https:\/\/karrier.ih.gov.hu\/teszt\/?page_id=25"},"modified":"2025-07-21T09:11:58","modified_gmt":"2025-07-21T07:11:58","slug":"karrieresemenyek","status":"publish","type":"page","link":"https:\/\/karrier.ih.gov.hu\/index.php\/karrieresemenyek\/","title":{"rendered":"Karrieresem\u00e9nyek"},"content":{"rendered":"\n<hr class=\"wp-block-separator has-alpha-channel-opacity hr-gradient is-style-wide\"\/>\n\n\n\n<h2 class=\"wp-block-heading has-text-align-center bold oldalcim\">Karrieresem\u00e9nyek<\/h2>\n\n\n\r\n\t\t<div  class=\"block-f2d411f3-3431-40f9-af88-97bc40d7d572 col areoi-element tartalom-oszlop\">\r\n\t\t\t\r\n\t\t\t\n\r\n\t\t<div id=\"karrieresemenyek\" class=\"block-1f6a00ff-aedf-4536-9966-19d3e833065a areoi-tabs\">\r\n\t\t\t\n\r\n\t\t<nav  class=\"block-33361ceb-f0ce-4b0d-a92c-0c023841c953 nav nav-tabs justify-content-center\">\r\n\t\t\t\n\r\n\t\t<a  class=\"block-a884a1f2-2f48-41eb-9476-a5a54cbb3b6e nav-link ih-tab active\" href=\"#tab-1\">\r\n\t\t\tJ\u00d6V\u0150BENI KARRIERESEM\u00c9NYEINK\r\n\t\t<\/a>\r\n\t\n\n\r\n\t\t<a  class=\"block-8b279d5b-961f-4eb7-924f-d780c6d289a7 nav-link ih-tab\" href=\"#tab-2\">\r\n\t\t\tAHOL OTT VOLTUNK\r\n\t\t<\/a>\r\n\t\n \r\n\t\t<\/nav>\r\n\t\n\n\r\n\t\t<div id=\"tab-1\" class=\"block-e044c93f-c24d-44a0-b0ee-a4eabb014971 areoi-element\">\r\n\t\t\t\r\n\t\t\t\n<div data-post-id=\"1233\" class=\"insert-page insert-page-1233 \">\n<h2 class=\"wp-block-heading has-text-align-center bold oldalcim\">J\u00d6V\u0150BENI KARRIERESEM\u00c9NYEINK<\/h2>\n\n\n\r\n\t\t<div  class=\"block-302a643f-fbd5-4b07-9f4c-fca3fae72bee col areoi-element\">\r\n\t\t\t\r\n\t\t\t\n\n<p class=\"has-text-align-center has-contrast-2-color has-text-color has-link-color wp-elements-554136e5dc9968e10bc6d3c0c723e945\">Ak\u00e1r hallgat\u00f3k\u00e9nt, diplom\u00e1s p\u00e1lyakezd\u0151k\u00e9nt, vagy senior szakemberk\u00e9nt keresed a karrierutadat, t\u00e9ged is szem\u00e9lyesen v\u00e1runk a megjel\u00f6lt \u00e1ll\u00e1sb\u00f6rz\u00e9k alkalm\u00e1val a POLG\u00c1RI H\u00cdRSZERZ\u00c9S standj\u00e1n\u00e1l, tov\u00e1bb\u00e1 a munk\u00e1nkat bemutat\u00f3, k\u00fcl\u00f6nb\u00f6z\u0151 szakmai el\u0151ad\u00e1sainkon! Online napt\u00e1runkban nyomon k\u00f6vetheted, mikor \u00e9s hol lesz\u00fcnk jelen.<\/p>\n\n\n\r\n\t\t<div id=\"jke\" class=\"block-50181c29-fedd-4961-b115-884c05d84990 accordion aktiv\">\r\n\t\t\t \r\n\t\t<\/div>\r\n\t\n \r\n\t\t\t\r\n\t\t<\/div>\r\n\t<\/div>\n\r\n\t\t\t \r\n\t\t<\/div>\r\n\t\n\n\r\n\t\t<div id=\"tab-2\" class=\"block-d40c92e5-f87c-4ff9-8235-37faae901f30 areoi-element\">\r\n\t\t\t\r\n\t\t\t\n<div data-post-id=\"582\" class=\"insert-page insert-page-582 \">\n<h2 class=\"wp-block-heading has-text-align-center oldalcim bold\">AHOL OTT VOLTUNK<\/h2>\n\n\n\n<p class=\"has-text-align-center has-contrast-2-color has-text-color has-link-color wp-elements-57da7ae5923da521604f2cd961dda399\">Koll\u00e9g\u00e1ink \u00e1ll\u00e1sb\u00f6rz\u00e9ken \u00e9s szakmai el\u0151ad\u00e1sokon is id\u0151r\u0151l-id\u0151re k\u00e9pviselik az Inform\u00e1ci\u00f3s Hivatalt. N\u00e9zd meg, merre j\u00e1rtunk legut\u00f3bb!<\/p>\n\n\n\r\n\t\t<div  class=\"block-302a643f-fbd5-4b07-9f4c-fca3fae72bee col areoi-element\">\r\n\t\t\t\r\n\t\t\t\n\r\n\t\t<div id=\"aov\" class=\"block-386d065c-a5ed-4faf-970b-80e917177006 accordion\">\r\n\t\t\t\n\r\n\t\t<div  class=\"block-11dda20b-c0c7-4fd2-9d58-c984681269af accordion-item\">\r\n\r\n\t\t\t<h3 \r\n\t\t\t\tclass=\"accordion-header\" \r\n\t\t\t\tid=\"block-11dda20b-c0c7-4fd2-9d58-c984681269af-header\"\r\n\t\t\t>\r\n\t\t\t\t<button \r\n\t\t\t\t\tclass=\"accordion-button collapsed\" \r\n\t\t\t\t\ttype=\"button\" \r\n\t\t\t\t\tdata-bs-toggle=\"collapse\" \r\n\t\t\t\t\tdata-bs-target=\"#block-11dda20b-c0c7-4fd2-9d58-c984681269af-collapse\" \r\n\t\t\t\t\taria-expanded=\"false\" \r\n\t\t\t\t\taria-controls=\"block-11dda20b-c0c7-4fd2-9d58-c984681269af-collapse\"\r\n\t\t\t\t>\r\n\t\t\t\t\t2024. febru\u00e1r\r\n\t\t\t\t<\/button>\r\n\t\t\t<\/h3>\r\n\r\n\t\t\t<div \r\n\t\t\t\tid=\"block-11dda20b-c0c7-4fd2-9d58-c984681269af-collapse\" \r\n\t\t\t\tclass=\"accordion-collapse collapse\" \r\n\t\t\t\taria-labelledby=\"block-11dda20b-c0c7-4fd2-9d58-c984681269af-header\"\r\n\t\t\t\tdata-bs-parent=\".block-386d065c-a5ed-4faf-970b-80e917177006\"\r\n\t\t\t>\r\n\t\t\t\t<div class=\"accordion-body\">\r\n\t\t\t\t\t\n\r\n\t\t<div  class=\"block-b1df32cc-715b-4c1e-bfa0-f32b9d65cdc6 col areoi-element tartalom-oszlop\">\r\n\t\t\t\r\n\t\t\t\n\n<div class=\"wp-block-columns galeria-sor is-layout-flex wp-container-core-columns-is-layout-28f84493 wp-block-columns-is-layout-flex\">\n<div class=\"wp-block-column galeria-link-borito is-layout-flow wp-block-column-is-layout-flow\">\n<figure class=\"wp-block-image size-large\"><a href=\"https:\/\/karrier.ih.gov.hu\/index.php\/esemeny-1\/\"><img decoding=\"async\" src=\"https:\/\/karrier.ih.gov.hu\/wp-content\/uploads\/2024\/06\/20240228_jv_052.jpg\" alt=\"2024.02.28-29., JOBVERSE \u00c1ll\u00e1sb\u00f6rze\"\/><\/a><figcaption class=\"wp-element-caption\"><a href=\"https:\/\/karrier.ih.gov.hu\/index.php\/esemeny-1\/\" data-type=\"page\" data-id=\"597\">2024.02.28-29., JOBVERSE \u00c1ll\u00e1sb\u00f6rze<\/a><\/figcaption><\/figure>\n<\/div>\n\n\n\n<div class=\"wp-block-column galeria-link-borito is-layout-flow wp-block-column-is-layout-flow\"><\/div>\n\n\n\n<div class=\"wp-block-column galeria-link-borito is-layout-flow wp-block-column-is-layout-flow\"><\/div>\n\n\n\n<div class=\"wp-block-column galeria-link-borito is-layout-flow wp-block-column-is-layout-flow\"><\/div>\n<\/div>\n\n \r\n\t\t\t\r\n\t\t<\/div>\r\n\t\n \r\n\t\t\t\t<\/div>\r\n\t\t\t<\/div>\r\n\t\t<\/div>\r\n\t\n\n\r\n\t\t<div  class=\"block-d3a9342c-209b-4644-a2d8-d5345bccdb35 accordion-item\">\r\n\r\n\t\t\t<h3 \r\n\t\t\t\tclass=\"accordion-header\" \r\n\t\t\t\tid=\"block-d3a9342c-209b-4644-a2d8-d5345bccdb35-header\"\r\n\t\t\t>\r\n\t\t\t\t<button \r\n\t\t\t\t\tclass=\"accordion-button collapsed\" \r\n\t\t\t\t\ttype=\"button\" \r\n\t\t\t\t\tdata-bs-toggle=\"collapse\" \r\n\t\t\t\t\tdata-bs-target=\"#block-d3a9342c-209b-4644-a2d8-d5345bccdb35-collapse\" \r\n\t\t\t\t\taria-expanded=\"false\" \r\n\t\t\t\t\taria-controls=\"block-d3a9342c-209b-4644-a2d8-d5345bccdb35-collapse\"\r\n\t\t\t\t>\r\n\t\t\t\t\t2024. szeptember\r\n\t\t\t\t<\/button>\r\n\t\t\t<\/h3>\r\n\r\n\t\t\t<div \r\n\t\t\t\tid=\"block-d3a9342c-209b-4644-a2d8-d5345bccdb35-collapse\" \r\n\t\t\t\tclass=\"accordion-collapse collapse\" \r\n\t\t\t\taria-labelledby=\"block-d3a9342c-209b-4644-a2d8-d5345bccdb35-header\"\r\n\t\t\t\tdata-bs-parent=\".block-386d065c-a5ed-4faf-970b-80e917177006\"\r\n\t\t\t>\r\n\t\t\t\t<div class=\"accordion-body\">\r\n\t\t\t\t\t\n\r\n\t\t<div \r\n\t\t\t\r\n\t\t\tclass=\"block-43baa23e-6cf4-432f-b8ac-42d2b1a62fc8 carousel slide carousel-dark\"\r\n\t\t\tdata-bs-ride=\"carousel\"\r\n\t\t\tdata-bs-touch=\"true\"\r\n\t\t\tdata-bs-pause=\"hover\" \r\n\t\t\tdata-bs-interval=\"4000\"\r\n\t\t>\r\n\t\t\t\r\n\t\t\t\r\n\t\t\t<div class=\"carousel-item active\">\r\n\t\t\t\n\n<div class=\"wp-block-columns is-layout-flex wp-container-core-columns-is-layout-28f84493 wp-block-columns-is-layout-flex\">\n<div class=\"wp-block-column is-layout-flow wp-block-column-is-layout-flow\"><div data-post-id=\"638\" class=\"insert-page insert-page-638 \">\n<h1 class=\"wp-block-heading has-text-align-center\"><strong>30<\/strong><\/h1>\n\n\n\n<p class=\"has-text-align-center has-contrast-2-color has-text-color has-link-color wp-elements-4d7e5e9dc4414f1127b102115e54803b\"><strong>h&eacute;tf&#337;<\/strong><\/p>\n\n\n\n<figure class=\"wp-block-image alignfull size-large\"><img decoding=\"async\" src=\"https:\/\/karrier.ih.gov.hu\/wp-content\/uploads\/2024\/06\/Karrieresemeny_04.png\" alt=\"\"><\/figure>\n\n\n\n<p class=\"has-contrast-2-color has-text-color has-link-color wp-elements-5d729671b34fb813eff06bd4dc38d6f6\"><\/p>\n\n\n\n<h4 class=\"wp-block-heading bold\">&Oacute;budai Egyetemi &Aacute;ll&aacute;sb&ouml;rze<\/h4>\n\n\n\n<p class=\"has-contrast-2-color has-text-color has-link-color wp-elements-e60283c4dd39b38b423b738cbaecdd6a\">Budapest<\/p>\n\n\n\n<p class=\"has-contrast-2-color has-text-color has-link-color wp-elements-960b11b4b32a898352f25b2c1e6cf294\">IH stand: 11. sz&aacute;m&uacute; stand<\/p>\n\n\n\n<p class=\"has-contrast-2-color has-text-color has-link-color wp-elements-5eeb3a7384c7c6ea2fdde0e1f8099cf9\">szeptember 30.: 09:00-16:00<\/p>\n<\/div><\/div>\n\n\n\n<div class=\"wp-block-column is-layout-flow wp-block-column-is-layout-flow\"><\/div>\n\n\n\n<div class=\"wp-block-column is-layout-flow wp-block-column-is-layout-flow\"><\/div>\n\n\n\n<div class=\"wp-block-column is-layout-flow wp-block-column-is-layout-flow\"><\/div>\n\n\n\n<div class=\"wp-block-column is-layout-flow wp-block-column-is-layout-flow\"><\/div>\n<\/div>\n\n \r\n\t\t<\/div>\n \r\n\t\t\t<div class=\"clearfix\"><\/div>\r\n\t\t<\/div>\r\n\t\n \r\n\t\t\t\t<\/div>\r\n\t\t\t<\/div>\r\n\t\t<\/div>\r\n\t\n\n\r\n\t\t<div  class=\"block-5e8a3221-9343-41e6-acbc-96984d2d3ca6 accordion-item\">\r\n\r\n\t\t\t<h3 \r\n\t\t\t\tclass=\"accordion-header\" \r\n\t\t\t\tid=\"block-5e8a3221-9343-41e6-acbc-96984d2d3ca6-header\"\r\n\t\t\t>\r\n\t\t\t\t<button \r\n\t\t\t\t\tclass=\"accordion-button collapsed\" \r\n\t\t\t\t\ttype=\"button\" \r\n\t\t\t\t\tdata-bs-toggle=\"collapse\" \r\n\t\t\t\t\tdata-bs-target=\"#block-5e8a3221-9343-41e6-acbc-96984d2d3ca6-collapse\" \r\n\t\t\t\t\taria-expanded=\"false\" \r\n\t\t\t\t\taria-controls=\"block-5e8a3221-9343-41e6-acbc-96984d2d3ca6-collapse\"\r\n\t\t\t\t>\r\n\t\t\t\t\t2024. okt\u00f3ber\r\n\t\t\t\t<\/button>\r\n\t\t\t<\/h3>\r\n\r\n\t\t\t<div \r\n\t\t\t\tid=\"block-5e8a3221-9343-41e6-acbc-96984d2d3ca6-collapse\" \r\n\t\t\t\tclass=\"accordion-collapse collapse\" \r\n\t\t\t\taria-labelledby=\"block-5e8a3221-9343-41e6-acbc-96984d2d3ca6-header\"\r\n\t\t\t\tdata-bs-parent=\".block-386d065c-a5ed-4faf-970b-80e917177006\"\r\n\t\t\t>\r\n\t\t\t\t<div class=\"accordion-body\">\r\n\t\t\t\t\t\n\r\n\t\t<div \r\n\t\t\t\r\n\t\t\tclass=\"block-b190e5a0-d17e-42ce-9c3d-01cd398c855c carousel slide carousel-dark\"\r\n\t\t\tdata-bs-ride=\"carousel\"\r\n\t\t\tdata-bs-touch=\"true\"\r\n\t\t\tdata-bs-pause=\"hover\" \r\n\t\t\tdata-bs-interval=\"4000\"\r\n\t\t>\r\n\t\t\t\r\n\t\t\t\r\n\t\t\t<div class=\"carousel-item active\">\r\n\t\t\t\n\n<div class=\"wp-block-columns is-layout-flex wp-container-core-columns-is-layout-28f84493 wp-block-columns-is-layout-flex\">\n<div class=\"wp-block-column is-layout-flow wp-block-column-is-layout-flow\"><div data-post-id=\"873\" class=\"insert-page insert-page-873 \">\n<h1 class=\"wp-block-heading has-text-align-center\"><strong>2-3<\/strong><\/h1>\n\n\n\n<p class=\"has-text-align-center has-contrast-2-color has-text-color has-link-color wp-elements-bfd871435623e44825f079554d3b18be\"><strong>szerda-cs&uuml;t&ouml;rt&ouml;k<\/strong><\/p>\n\n\n\n<figure class=\"wp-block-image alignfull size-full\"><img loading=\"lazy\" decoding=\"async\" width=\"351\" height=\"472\" src=\"https:\/\/karrier.ih.gov.hu\/wp-content\/uploads\/2024\/09\/01.png\" alt=\"\" class=\"wp-image-989\" srcset=\"https:\/\/karrier.ih.gov.hu\/wp-content\/uploads\/2024\/09\/01.png 351w, https:\/\/karrier.ih.gov.hu\/wp-content\/uploads\/2024\/09\/01-223x300.png 223w\" sizes=\"auto, (max-width: 351px) 100vw, 351px\"><\/figure>\n\n\n\n<p class=\"has-contrast-2-color has-text-color has-link-color wp-elements-5d729671b34fb813eff06bd4dc38d6f6\"><\/p>\n\n\n\n<h4 class=\"wp-block-heading bold\">JOBVERSE &Aacute;ll&aacute;sb&ouml;rze<\/h4>\n\n\n\n<p class=\"has-contrast-2-color has-text-color has-link-color wp-elements-e60283c4dd39b38b423b738cbaecdd6a\">Budapest<\/p>\n\n\n\n<p class=\"has-contrast-2-color has-text-color has-link-color wp-elements-5f3b9320972b46f3d31892b11933716f\">BOK &bdquo;A&rdquo; Csarnok (D&oacute;zsa Gy&ouml;rgy &uacute;t 1.)<\/p>\n\n\n\n<p class=\"has-contrast-2-color has-text-color has-link-color wp-elements-8bd80e7834e60e6491f95bad70bd4156\">IH stand: B15<\/p>\n\n\n\n<p class=\"has-contrast-2-color has-text-color has-link-color wp-elements-cd457397893a2bebd0126f2b3f3ea9a1\">okt&oacute;ber 2.: 10:00-19:00<\/p>\n\n\n\n<p class=\"has-contrast-2-color has-text-color has-link-color wp-elements-c35fb96849fe79121a385c8e4fcd8ae3\">okt&oacute;ber 3.: 10:00-17:00<\/p>\n<\/div><\/div>\n\n\n\n<div class=\"wp-block-column is-layout-flow wp-block-column-is-layout-flow\"><div data-post-id=\"877\" class=\"insert-page insert-page-877 \">\n<h1 class=\"wp-block-heading has-text-align-center\"><strong>15<\/strong><\/h1>\n\n\n\n<p class=\"has-text-align-center has-contrast-2-color has-text-color has-link-color wp-elements-ce30df262915d216bdd0c283695b27e2\"><strong>kedd<\/strong><\/p>\n\n\n\n<figure class=\"wp-block-image alignfull size-full\"><img loading=\"lazy\" decoding=\"async\" width=\"351\" height=\"472\" src=\"https:\/\/karrier.ih.gov.hu\/wp-content\/uploads\/2024\/09\/02.png\" alt=\"\" class=\"wp-image-990\" srcset=\"https:\/\/karrier.ih.gov.hu\/wp-content\/uploads\/2024\/09\/02.png 351w, https:\/\/karrier.ih.gov.hu\/wp-content\/uploads\/2024\/09\/02-223x300.png 223w\" sizes=\"auto, (max-width: 351px) 100vw, 351px\"><\/figure>\n\n\n\n<p class=\"has-contrast-2-color has-text-color has-link-color wp-elements-5d729671b34fb813eff06bd4dc38d6f6\"><\/p>\n\n\n\n<h4 class=\"wp-block-heading bold\">Veszpr&eacute;mi Pannon Egyetemi Region&aacute;lis &Aacute;ll&aacute;sb&ouml;rze<\/h4>\n\n\n\n<p class=\"has-contrast-2-color has-text-color has-link-color wp-elements-9a601c435ea7481f9717cc175989327a\">Veszpr&eacute;m<\/p>\n\n\n\n<p class=\"has-contrast-2-color has-text-color has-link-color wp-elements-7b13cf83aacff3ace46831a7a760d96d\">IH stand: 5-&ouml;s sz&aacute;m&uacute; f&ouml;ldszinti stand<\/p>\n\n\n\n<p class=\"has-contrast-2-color has-text-color has-link-color wp-elements-90d31a7740a445a9267d87cb62280a7b\">okt&oacute;ber 15.: 09:00-16:00<\/p>\n\n\n\n<p><\/p>\n<\/div><\/div>\n\n\n\n<div class=\"wp-block-column is-layout-flow wp-block-column-is-layout-flow\"><div data-post-id=\"879\" class=\"insert-page insert-page-879 \">\n<h1 class=\"wp-block-heading has-text-align-center\"><strong>15<\/strong><\/h1>\n\n\n\n<p class=\"has-text-align-center has-contrast-2-color has-text-color has-link-color wp-elements-ce30df262915d216bdd0c283695b27e2\"><strong>kedd<\/strong><\/p>\n\n\n\n<figure class=\"wp-block-image alignfull size-full\"><img loading=\"lazy\" decoding=\"async\" width=\"351\" height=\"472\" src=\"https:\/\/karrier.ih.gov.hu\/wp-content\/uploads\/2024\/09\/03.png\" alt=\"\" class=\"wp-image-991\" srcset=\"https:\/\/karrier.ih.gov.hu\/wp-content\/uploads\/2024\/09\/03.png 351w, https:\/\/karrier.ih.gov.hu\/wp-content\/uploads\/2024\/09\/03-223x300.png 223w\" sizes=\"auto, (max-width: 351px) 100vw, 351px\"><\/figure>\n\n\n\n<p class=\"has-contrast-2-color has-text-color has-link-color wp-elements-5d729671b34fb813eff06bd4dc38d6f6\"><\/p>\n\n\n\n<h4 class=\"wp-block-heading bold\">Szegedi SZTE Egyetemi Region&aacute;lis &Aacute;ll&aacute;sb&ouml;rze<\/h4>\n\n\n\n<p class=\"has-contrast-2-color has-text-color has-link-color wp-elements-eb74ce77a46ad2ffb3680e91233fed5c\">Szeged<\/p>\n\n\n\n<p class=\"has-contrast-2-color has-text-color has-link-color wp-elements-66f8d598931c009be69d19dc21dd4d07\">okt&oacute;ber 15.: 10:00-17:00<\/p>\n\n\n\n<p><\/p>\n<\/div><\/div>\n\n\n\n<div class=\"wp-block-column is-layout-flow wp-block-column-is-layout-flow\"><\/div>\n\n\n\n<div class=\"wp-block-column is-layout-flow wp-block-column-is-layout-flow\"><\/div>\n<\/div>\n\n \r\n\t\t<\/div>\n \r\n\t\t\t<div class=\"clearfix\"><\/div>\r\n\t\t<\/div>\r\n\t\n \r\n\t\t\t\t<\/div>\r\n\t\t\t<\/div>\r\n\t\t<\/div>\r\n\t\n\n\r\n\t\t<div  class=\"block-4c247c17-7f57-421f-8397-52faad6a4984 accordion-item\">\r\n\r\n\t\t\t<h3 \r\n\t\t\t\tclass=\"accordion-header\" \r\n\t\t\t\tid=\"block-4c247c17-7f57-421f-8397-52faad6a4984-header\"\r\n\t\t\t>\r\n\t\t\t\t<button \r\n\t\t\t\t\tclass=\"accordion-button collapsed\" \r\n\t\t\t\t\ttype=\"button\" \r\n\t\t\t\t\tdata-bs-toggle=\"collapse\" \r\n\t\t\t\t\tdata-bs-target=\"#block-4c247c17-7f57-421f-8397-52faad6a4984-collapse\" \r\n\t\t\t\t\taria-expanded=\"false\" \r\n\t\t\t\t\taria-controls=\"block-4c247c17-7f57-421f-8397-52faad6a4984-collapse\"\r\n\t\t\t\t>\r\n\t\t\t\t\t2025. m\u00e1rcius\r\n\t\t\t\t<\/button>\r\n\t\t\t<\/h3>\r\n\r\n\t\t\t<div \r\n\t\t\t\tid=\"block-4c247c17-7f57-421f-8397-52faad6a4984-collapse\" \r\n\t\t\t\tclass=\"accordion-collapse collapse\" \r\n\t\t\t\taria-labelledby=\"block-4c247c17-7f57-421f-8397-52faad6a4984-header\"\r\n\t\t\t\tdata-bs-parent=\".block-386d065c-a5ed-4faf-970b-80e917177006\"\r\n\t\t\t>\r\n\t\t\t\t<div class=\"accordion-body\">\r\n\t\t\t\t\t\n\r\n\t\t<div \r\n\t\t\t\r\n\t\t\tclass=\"block-0be086b5-4993-4f9a-aa67-5cc87fb32423 carousel slide\"\r\n\t\t\tdata-bs-ride=\"carousel\"\r\n\t\t\tdata-bs-touch=\"true\"\r\n\t\t\tdata-bs-pause=\"hover\" \r\n\t\t\tdata-bs-interval=\"4000\"\r\n\t\t>\r\n\t\t\t\r\n\t\t\t\r\n\t\t\t<div class=\"carousel-item active\">\r\n\t\t\t\n\n<div class=\"wp-block-columns is-layout-flex wp-container-core-columns-is-layout-28f84493 wp-block-columns-is-layout-flex\">\n<div class=\"wp-block-column is-layout-flow wp-block-column-is-layout-flow\"><div data-post-id=\"1087\" class=\"insert-page insert-page-1087 \">\n<h1 class=\"wp-block-heading has-text-align-center\"><strong>5-6<\/strong><\/h1>\n\n\n\n<p class=\"has-text-align-center has-contrast-2-color has-text-color has-link-color wp-elements-bfd871435623e44825f079554d3b18be\"><strong>szerda-cs&uuml;t&ouml;rt&ouml;k<\/strong><\/p>\n\n\n\n<figure class=\"wp-block-image alignfull size-full\"><img loading=\"lazy\" decoding=\"async\" width=\"350\" height=\"472\" src=\"https:\/\/karrier.ih.gov.hu\/wp-content\/uploads\/2025\/02\/02.jpg\" alt=\"\" class=\"wp-image-1088\" srcset=\"https:\/\/karrier.ih.gov.hu\/wp-content\/uploads\/2025\/02\/02.jpg 350w, https:\/\/karrier.ih.gov.hu\/wp-content\/uploads\/2025\/02\/02-222x300.jpg 222w\" sizes=\"auto, (max-width: 350px) 100vw, 350px\"><\/figure>\n\n\n\n<p class=\"has-contrast-2-color has-text-color has-link-color wp-elements-5d729671b34fb813eff06bd4dc38d6f6\"><\/p>\n\n\n\n<h4 class=\"wp-block-heading bold\">JOBVERSE &Aacute;ll&aacute;sb&ouml;rze<\/h4>\n\n\n\n<p class=\"has-contrast-2-color has-text-color has-link-color wp-elements-e60283c4dd39b38b423b738cbaecdd6a\">Budapest<\/p>\n\n\n\n<p class=\"has-contrast-2-color has-text-color has-link-color wp-elements-5f3b9320972b46f3d31892b11933716f\">BOK &bdquo;A&rdquo; Csarnok (D&oacute;zsa Gy&ouml;rgy &uacute;t 1.)<\/p>\n\n\n\n<p class=\"has-contrast-2-color has-text-color has-link-color wp-elements-98271e3d3614340c5ffe24ca7645dacf\">IH stand: B14<\/p>\n\n\n\n<p class=\"has-contrast-2-color has-text-color has-link-color wp-elements-18b4a81249a162a0ef4b7788f4bae7c0\">m&aacute;rcius 5. (szerda): 10:00-19:00<\/p>\n\n\n\n<p class=\"has-contrast-2-color has-text-color has-link-color wp-elements-0d14417f6e3e65543d5cb5778e2eec51\">m&aacute;rcius 6. (cs&uuml;t&ouml;rt&ouml;k): 10:00-17:00<\/p>\n<\/div><\/div>\n\n\n\n<div class=\"wp-block-column is-layout-flow wp-block-column-is-layout-flow\"><div data-post-id=\"1090\" class=\"insert-page insert-page-1090 \">\n<h1 class=\"wp-block-heading has-text-align-center\"><strong>14<\/strong><\/h1>\n\n\n\n<p class=\"has-text-align-center has-contrast-2-color has-text-color has-link-color wp-elements-13aaadc0ed0cd80837a9ede0b3ec7361\"><strong>p&eacute;ntek<\/strong><\/p>\n\n\n\n<figure class=\"wp-block-image alignfull size-full\"><img loading=\"lazy\" decoding=\"async\" width=\"351\" height=\"472\" src=\"https:\/\/karrier.ih.gov.hu\/wp-content\/uploads\/2025\/03\/YBG_Karrier_Fesztival_2025-2.jpg\" alt=\"\" class=\"wp-image-1144\" srcset=\"https:\/\/karrier.ih.gov.hu\/wp-content\/uploads\/2025\/03\/YBG_Karrier_Fesztival_2025-2.jpg 351w, https:\/\/karrier.ih.gov.hu\/wp-content\/uploads\/2025\/03\/YBG_Karrier_Fesztival_2025-2-223x300.jpg 223w\" sizes=\"auto, (max-width: 351px) 100vw, 351px\"><\/figure>\n\n\n\n<p class=\"has-contrast-2-color has-text-color has-link-color wp-elements-5d729671b34fb813eff06bd4dc38d6f6\"><\/p>\n\n\n\n<h4 class=\"wp-block-heading bold\">YBG Karrier Fesztiv&aacute;l 2025<\/h4>\n\n\n\n<p class=\"has-contrast-2-color has-text-color has-link-color wp-elements-e60283c4dd39b38b423b738cbaecdd6a\">Budapest<\/p>\n\n\n\n<p class=\"has-contrast-2-color has-text-color has-link-color wp-elements-80d929f0db634607d966ff4b3e738229\">Marriott Hotel (Ap&aacute;czai Csere J&aacute;nos utca 4.)<\/p>\n\n\n\n<p class=\"has-contrast-2-color has-text-color has-link-color wp-elements-bc1fc3061a2a255f39424c6244d89791\">m&aacute;rcius 14. (p&eacute;ntek): 10:00-14:00<\/p>\n\n\n\n<p class=\"has-contrast-2-color has-text-color has-link-color wp-elements-5d729671b34fb813eff06bd4dc38d6f6\"><\/p>\n<\/div><\/div>\n\n\n\n<div class=\"wp-block-column is-layout-flow wp-block-column-is-layout-flow\"><\/div>\n\n\n\n<div class=\"wp-block-column is-layout-flow wp-block-column-is-layout-flow\"><\/div>\n\n\n\n<div class=\"wp-block-column is-layout-flow wp-block-column-is-layout-flow\"><\/div>\n<\/div>\n\n \r\n\t\t<\/div>\n \r\n\t\t\t<div class=\"clearfix\"><\/div>\r\n\t\t<\/div>\r\n\t\n \r\n\t\t\t\t<\/div>\r\n\t\t\t<\/div>\r\n\t\t<\/div>\r\n\t\n\n\r\n\t\t<div  class=\"block-76d89640-e5f4-4a2b-b97d-d528ebad4d29 accordion-item\">\r\n\r\n\t\t\t<h3 \r\n\t\t\t\tclass=\"accordion-header\" \r\n\t\t\t\tid=\"block-76d89640-e5f4-4a2b-b97d-d528ebad4d29-header\"\r\n\t\t\t>\r\n\t\t\t\t<button \r\n\t\t\t\t\tclass=\"accordion-button collapsed\" \r\n\t\t\t\t\ttype=\"button\" \r\n\t\t\t\t\tdata-bs-toggle=\"collapse\" \r\n\t\t\t\t\tdata-bs-target=\"#block-76d89640-e5f4-4a2b-b97d-d528ebad4d29-collapse\" \r\n\t\t\t\t\taria-expanded=\"false\" \r\n\t\t\t\t\taria-controls=\"block-76d89640-e5f4-4a2b-b97d-d528ebad4d29-collapse\"\r\n\t\t\t\t>\r\n\t\t\t\t\t2025. \u00e1prilis\r\n\t\t\t\t<\/button>\r\n\t\t\t<\/h3>\r\n\r\n\t\t\t<div \r\n\t\t\t\tid=\"block-76d89640-e5f4-4a2b-b97d-d528ebad4d29-collapse\" \r\n\t\t\t\tclass=\"accordion-collapse collapse\" \r\n\t\t\t\taria-labelledby=\"block-76d89640-e5f4-4a2b-b97d-d528ebad4d29-header\"\r\n\t\t\t\tdata-bs-parent=\".block-386d065c-a5ed-4faf-970b-80e917177006\"\r\n\t\t\t>\r\n\t\t\t\t<div class=\"accordion-body\">\r\n\t\t\t\t\t\n\r\n\t\t<div \r\n\t\t\t\r\n\t\t\tclass=\"block-7a9c954b-7171-4dc8-86d5-e13b1caba35a carousel slide\"\r\n\t\t\tdata-bs-ride=\"carousel\"\r\n\t\t\tdata-bs-touch=\"true\"\r\n\t\t\tdata-bs-pause=\"hover\" \r\n\t\t\tdata-bs-interval=\"4000\"\r\n\t\t>\r\n\t\t\t\r\n\t\t\t\r\n\t\t\t<div class=\"carousel-item active\">\r\n\t\t\t\n\n<div class=\"wp-block-columns is-layout-flex wp-container-core-columns-is-layout-28f84493 wp-block-columns-is-layout-flex\">\n<div class=\"wp-block-column is-layout-flow wp-block-column-is-layout-flow\"><div data-post-id=\"1159\" class=\"insert-page insert-page-1159 \">\n<h1 class=\"wp-block-heading has-text-align-center\"><strong>2<\/strong><\/h1>\n\n\n\n<p class=\"has-text-align-center has-contrast-2-color has-text-color has-link-color wp-elements-6184d4159d94a31dede9138a514cf90f\"><strong>szerda<\/strong><\/p>\n\n\n\n<figure class=\"wp-block-image alignfull size-full\"><img loading=\"lazy\" decoding=\"async\" width=\"351\" height=\"472\" src=\"https:\/\/karrier.ih.gov.hu\/wp-content\/uploads\/2025\/03\/Jogasz_Karrier_Napok_2025.jpg\" alt=\"\" class=\"wp-image-1161\" srcset=\"https:\/\/karrier.ih.gov.hu\/wp-content\/uploads\/2025\/03\/Jogasz_Karrier_Napok_2025.jpg 351w, https:\/\/karrier.ih.gov.hu\/wp-content\/uploads\/2025\/03\/Jogasz_Karrier_Napok_2025-223x300.jpg 223w\" sizes=\"auto, (max-width: 351px) 100vw, 351px\"><\/figure>\n\n\n\n<p class=\"has-contrast-2-color has-text-color has-link-color wp-elements-5d729671b34fb813eff06bd4dc38d6f6\"><\/p>\n\n\n\n<h4 class=\"wp-block-heading bold\">Jog&aacute;sz Karrier Napok 2025<\/h4>\n\n\n\n<p class=\"has-contrast-2-color has-text-color has-link-color wp-elements-e60283c4dd39b38b423b738cbaecdd6a\">Budapest<\/p>\n\n\n\n<p class=\"has-contrast-2-color has-text-color has-link-color wp-elements-44f20e5296c94f1687db9eb82546a81c\">ELTE &Aacute;JK (Egyetem t&eacute;r 1-3.)<\/p>\n\n\n\n<p class=\"has-contrast-2-color has-text-color has-link-color wp-elements-ed1081f4ae36a87ed6be53a97d0e33ab\">&lsquo;A&rsquo; &eacute;p&uuml;let aula, C3-as stand<\/p>\n\n\n\n<p class=\"has-contrast-2-color has-text-color has-link-color wp-elements-2068d43c331ee2d06f0fe6a58f715db2\">&aacute;prilis 2. (szerda): 13:00-18:00<\/p>\n<\/div><\/div>\n\n\n\n<div class=\"wp-block-column is-layout-flow wp-block-column-is-layout-flow\"><div data-post-id=\"1094\" class=\"insert-page insert-page-1094 \">\n<h1 class=\"wp-block-heading has-text-align-center\"><strong>16<\/strong><\/h1>\n\n\n\n<p class=\"has-text-align-center has-contrast-2-color has-text-color has-link-color wp-elements-6184d4159d94a31dede9138a514cf90f\"><strong>szerda<\/strong><\/p>\n\n\n\n<figure class=\"wp-block-image alignfull size-full\"><img loading=\"lazy\" decoding=\"async\" width=\"351\" height=\"472\" src=\"https:\/\/karrier.ih.gov.hu\/wp-content\/uploads\/2025\/02\/04.jpg\" alt=\"\" class=\"wp-image-1097\" srcset=\"https:\/\/karrier.ih.gov.hu\/wp-content\/uploads\/2025\/02\/04.jpg 351w, https:\/\/karrier.ih.gov.hu\/wp-content\/uploads\/2025\/02\/04-223x300.jpg 223w\" sizes=\"auto, (max-width: 351px) 100vw, 351px\"><\/figure>\n\n\n\n<p class=\"has-contrast-2-color has-text-color has-link-color wp-elements-5d729671b34fb813eff06bd4dc38d6f6\"><\/p>\n\n\n\n<h4 class=\"wp-block-heading bold\">Debreceni Egyetem &Aacute;ll&aacute;sb&ouml;rze &eacute;s Karriernap 2025<\/h4>\n\n\n\n<p class=\"has-contrast-2-color has-text-color has-link-color wp-elements-082ef57a9dbfcffd26f9c97386771a0a\">Debrecen<\/p>\n\n\n\n<p class=\"has-contrast-2-color has-text-color has-link-color wp-elements-a79b3065306becb3a30426352b3f6323\">Debreceni Egyetem F&#337;&eacute;p&uuml;let&eacute;nek D&iacute;szudvara (Egyetem t&eacute;r 1.)<\/p>\n\n\n\n<p class=\"has-contrast-2-color has-text-color has-link-color wp-elements-fb3590132ad783aebb3fc07049cdd5ea\">&aacute;prilis 16. (szerda): 09:00-16:00<\/p>\n\n\n\n<p class=\"has-contrast-2-color has-text-color has-link-color wp-elements-5d729671b34fb813eff06bd4dc38d6f6\"><\/p>\n<\/div><\/div>\n\n\n\n<div class=\"wp-block-column is-layout-flow wp-block-column-is-layout-flow\"><\/div>\n\n\n\n<div class=\"wp-block-column is-layout-flow wp-block-column-is-layout-flow\"><\/div>\n\n\n\n<div class=\"wp-block-column is-layout-flow wp-block-column-is-layout-flow\"><\/div>\n<\/div>\n\n \r\n\t\t<\/div>\n \r\n\t\t\t<div class=\"clearfix\"><\/div>\r\n\t\t<\/div>\r\n\t\n \r\n\t\t\t\t<\/div>\r\n\t\t\t<\/div>\r\n\t\t<\/div>\r\n\t\n\n\r\n\t\t<div  class=\"block-9ba1fe5d-e90d-406f-88b7-4ca6944cb0e8 accordion-item\">\r\n\r\n\t\t\t<h3 \r\n\t\t\t\tclass=\"accordion-header\" \r\n\t\t\t\tid=\"block-9ba1fe5d-e90d-406f-88b7-4ca6944cb0e8-header\"\r\n\t\t\t>\r\n\t\t\t\t<button \r\n\t\t\t\t\tclass=\"accordion-button collapsed\" \r\n\t\t\t\t\ttype=\"button\" \r\n\t\t\t\t\tdata-bs-toggle=\"collapse\" \r\n\t\t\t\t\tdata-bs-target=\"#block-9ba1fe5d-e90d-406f-88b7-4ca6944cb0e8-collapse\" \r\n\t\t\t\t\taria-expanded=\"false\" \r\n\t\t\t\t\taria-controls=\"block-9ba1fe5d-e90d-406f-88b7-4ca6944cb0e8-collapse\"\r\n\t\t\t\t>\r\n\t\t\t\t\t2025. okt\u00f3ber\r\n\t\t\t\t<\/button>\r\n\t\t\t<\/h3>\r\n\r\n\t\t\t<div \r\n\t\t\t\tid=\"block-9ba1fe5d-e90d-406f-88b7-4ca6944cb0e8-collapse\" \r\n\t\t\t\tclass=\"accordion-collapse collapse\" \r\n\t\t\t\taria-labelledby=\"block-9ba1fe5d-e90d-406f-88b7-4ca6944cb0e8-header\"\r\n\t\t\t\tdata-bs-parent=\".block-386d065c-a5ed-4faf-970b-80e917177006\"\r\n\t\t\t>\r\n\t\t\t\t<div class=\"accordion-body\">\r\n\t\t\t\t\t\n\r\n\t\t<div \r\n\t\t\t\r\n\t\t\tclass=\"block-8013253f-982a-47c4-b488-f6d136fd621a carousel slide\"\r\n\t\t\tdata-bs-ride=\"carousel\"\r\n\t\t\tdata-bs-touch=\"true\"\r\n\t\t\tdata-bs-pause=\"hover\" \r\n\t\t\tdata-bs-interval=\"4000\"\r\n\t\t>\r\n\t\t\t\r\n\t\t\t\r\n\t\t\t<div class=\"carousel-item active\">\r\n\t\t\t\n\n<div class=\"wp-block-columns is-layout-flex wp-container-core-columns-is-layout-28f84493 wp-block-columns-is-layout-flex\">\n<div class=\"wp-block-column is-layout-flow wp-block-column-is-layout-flow\"><div data-post-id=\"1218\" class=\"insert-page insert-page-1218 \">\n<h1 class=\"wp-block-heading has-text-align-center\"><strong>1-2<\/strong><\/h1>\n\n\n\n<p class=\"has-text-align-center has-contrast-2-color has-text-color has-link-color wp-elements-174b9a493d598461364378b344da4721\"><strong>szerda &ndash; cs&uuml;t&ouml;rt&ouml;k<\/strong><\/p>\n\n\n\n<figure class=\"wp-block-image alignfull size-full\"><img loading=\"lazy\" decoding=\"async\" width=\"351\" height=\"472\" src=\"https:\/\/karrier.ih.gov.hu\/wp-content\/uploads\/2025\/07\/JOBVERSE_20251001.jpg\" alt=\"JOBVERSE &Aacute;ll&aacute;sb&ouml;rze\" class=\"wp-image-1219\" srcset=\"https:\/\/karrier.ih.gov.hu\/wp-content\/uploads\/2025\/07\/JOBVERSE_20251001.jpg 351w, https:\/\/karrier.ih.gov.hu\/wp-content\/uploads\/2025\/07\/JOBVERSE_20251001-223x300.jpg 223w\" sizes=\"auto, (max-width: 351px) 100vw, 351px\"><\/figure>\n\n\n\n<p class=\"has-contrast-2-color has-text-color has-link-color wp-elements-5d729671b34fb813eff06bd4dc38d6f6\"><\/p>\n\n\n\n<h4 class=\"wp-block-heading bold\">JOBVERSE &Aacute;ll&aacute;sb&ouml;rze<\/h4>\n\n\n\n<p class=\"has-contrast-2-color has-text-color has-link-color wp-elements-e60283c4dd39b38b423b738cbaecdd6a\">Budapest<\/p>\n\n\n\n<p class=\"has-contrast-2-color has-text-color has-link-color wp-elements-529f801f96d129356cb392ced349ffef\">BOK &bdquo;A&rdquo; Csarnok (D&oacute;zsa Gy&ouml;rgy &uacute;t 1.)<\/p>\n\n\n\n<p class=\"has-contrast-2-color has-text-color has-link-color wp-elements-c7b9235b46407314f4afd26ceffd4a99\">IH stand: B43<\/p>\n\n\n\n<p class=\"has-contrast-2-color has-text-color has-link-color wp-elements-bc5b0737145dcaa077d5022ec5db653b\">okt&oacute;ber 1. (szerda): 10:00-19:00<br>okt&oacute;ber 2. (cs&uuml;t&ouml;rt&ouml;k): 10:00-17:00<\/p>\n\n\n\n<p class=\"has-contrast-2-color has-text-color has-link-color wp-elements-5d729671b34fb813eff06bd4dc38d6f6\"><\/p>\n\n\n\n<p><\/p>\n<\/div><\/div>\n\n\n\n<div class=\"wp-block-column is-layout-flow wp-block-column-is-layout-flow\"><div data-post-id=\"1226\" class=\"insert-page insert-page-1226 \">\n<h1 class=\"wp-block-heading has-text-align-center\"><strong>8<\/strong><\/h1>\n\n\n\n<p class=\"has-text-align-center has-contrast-2-color has-text-color has-link-color wp-elements-67199b7909e7f4b8037baf208878eef7\"><strong>szerda <\/strong><\/p>\n\n\n\n<figure class=\"wp-block-image alignfull size-full\"><img loading=\"lazy\" decoding=\"async\" width=\"351\" height=\"472\" src=\"https:\/\/karrier.ih.gov.hu\/wp-content\/uploads\/2025\/07\/SZTE_20251008.jpg\" alt=\"SZTE Egyetemi Region&aacute;lis &Aacute;ll&aacute;sb&ouml;rze\" class=\"wp-image-1221\" srcset=\"https:\/\/karrier.ih.gov.hu\/wp-content\/uploads\/2025\/07\/SZTE_20251008.jpg 351w, https:\/\/karrier.ih.gov.hu\/wp-content\/uploads\/2025\/07\/SZTE_20251008-223x300.jpg 223w\" sizes=\"auto, (max-width: 351px) 100vw, 351px\"><\/figure>\n\n\n\n<p class=\"has-contrast-2-color has-text-color has-link-color wp-elements-5d729671b34fb813eff06bd4dc38d6f6\"><\/p>\n\n\n\n<h4 class=\"wp-block-heading bold\">SZTE Egyetemi Region&aacute;lis &Aacute;ll&aacute;sb&ouml;rze<\/h4>\n\n\n\n<p class=\"has-contrast-2-color has-text-color has-link-color wp-elements-eb74ce77a46ad2ffb3680e91233fed5c\">Szeged<\/p>\n\n\n\n<p class=\"has-contrast-2-color has-text-color has-link-color wp-elements-50129e9c0e7e8102f3d17cf91f0d1f1c\">Szegedi Tudom&aacute;nyegyetem J&oacute;zsef Attila Tanulm&aacute;nyi &eacute;s Inform&aacute;ci&oacute;s K&ouml;zpont<\/p>\n\n\n\n<p class=\"has-contrast-2-color has-text-color has-link-color wp-elements-32cf24212df578a9e1a005055deb8f5c\">IH stand: A3<\/p>\n\n\n\n<p class=\"has-contrast-2-color has-text-color has-link-color wp-elements-5f6c62b7ae0b77b1682eff3d502fdc4d\">okt&oacute;ber 8. (szerda)<\/p>\n<\/div><\/div>\n\n\n\n<div class=\"wp-block-column is-layout-flow wp-block-column-is-layout-flow\"><div data-post-id=\"1231\" class=\"insert-page insert-page-1231 \">\n<h1 class=\"wp-block-heading has-text-align-center\"><strong>21<\/strong><\/h1>\n\n\n\n<p class=\"has-text-align-center has-contrast-2-color has-text-color has-link-color wp-elements-ce30df262915d216bdd0c283695b27e2\"><strong>kedd<\/strong><\/p>\n\n\n\n<figure class=\"wp-block-image alignfull size-full\"><img loading=\"lazy\" decoding=\"async\" width=\"351\" height=\"472\" src=\"https:\/\/karrier.ih.gov.hu\/wp-content\/uploads\/2025\/07\/Pannon_2021021.jpg\" alt=\"Pannon &Aacute;ll&aacute;sb&ouml;rze\" class=\"wp-image-1220\" srcset=\"https:\/\/karrier.ih.gov.hu\/wp-content\/uploads\/2025\/07\/Pannon_2021021.jpg 351w, https:\/\/karrier.ih.gov.hu\/wp-content\/uploads\/2025\/07\/Pannon_2021021-223x300.jpg 223w\" sizes=\"auto, (max-width: 351px) 100vw, 351px\"><\/figure>\n\n\n\n<p class=\"has-contrast-2-color has-text-color has-link-color wp-elements-5d729671b34fb813eff06bd4dc38d6f6\"><\/p>\n\n\n\n<h4 class=\"wp-block-heading bold\">Pannon &Aacute;ll&aacute;sb&ouml;rze<\/h4>\n\n\n\n<p class=\"has-contrast-2-color has-text-color has-link-color wp-elements-9a601c435ea7481f9717cc175989327a\">Veszpr&eacute;m<\/p>\n\n\n\n<p class=\"has-contrast-2-color has-text-color has-link-color wp-elements-c40aa20497ecc49a9ba9ee7ba233756e\">Pannon Egyetem &bdquo;B&rdquo; aula<\/p>\n\n\n\n<p class=\"has-contrast-2-color has-text-color has-link-color wp-elements-860f6633e4ac485429c2caac7fda6222\">IH stand: 14<\/p>\n\n\n\n<p class=\"has-contrast-2-color has-text-color has-link-color wp-elements-3141b2b76d40c003fb1707017fe9f4ad\">okt&oacute;ber 21. (kedd): 9:00-16:00<\/p>\n<\/div><\/div>\n\n\n\n<div class=\"wp-block-column is-layout-flow wp-block-column-is-layout-flow\"><\/div>\n\n\n\n<div class=\"wp-block-column is-layout-flow wp-block-column-is-layout-flow\"><\/div>\n<\/div>\n\n \r\n\t\t<\/div>\n \r\n\t\t\t<div class=\"clearfix\"><\/div>\r\n\t\t<\/div>\r\n\t\n \r\n\t\t\t\t<\/div>\r\n\t\t\t<\/div>\r\n\t\t<\/div>\r\n\t\n\n\r\n\t\t<div  class=\"block-336426fc-5c78-41ce-9ff3-add15c09de0f accordion-item\">\r\n\r\n\t\t\t<h3 \r\n\t\t\t\tclass=\"accordion-header\" \r\n\t\t\t\tid=\"block-336426fc-5c78-41ce-9ff3-add15c09de0f-header\"\r\n\t\t\t>\r\n\t\t\t\t<button \r\n\t\t\t\t\tclass=\"accordion-button collapsed\" \r\n\t\t\t\t\ttype=\"button\" \r\n\t\t\t\t\tdata-bs-toggle=\"collapse\" \r\n\t\t\t\t\tdata-bs-target=\"#block-336426fc-5c78-41ce-9ff3-add15c09de0f-collapse\" \r\n\t\t\t\t\taria-expanded=\"false\" \r\n\t\t\t\t\taria-controls=\"block-336426fc-5c78-41ce-9ff3-add15c09de0f-collapse\"\r\n\t\t\t\t>\r\n\t\t\t\t\t2026. m\u00e1rcius\r\n\t\t\t\t<\/button>\r\n\t\t\t<\/h3>\r\n\r\n\t\t\t<div \r\n\t\t\t\tid=\"block-336426fc-5c78-41ce-9ff3-add15c09de0f-collapse\" \r\n\t\t\t\tclass=\"accordion-collapse collapse\" \r\n\t\t\t\taria-labelledby=\"block-336426fc-5c78-41ce-9ff3-add15c09de0f-header\"\r\n\t\t\t\tdata-bs-parent=\".block-386d065c-a5ed-4faf-970b-80e917177006\"\r\n\t\t\t>\r\n\t\t\t\t<div class=\"accordion-body\">\r\n\t\t\t\t\t\n\r\n\t\t<div \r\n\t\t\t\r\n\t\t\tclass=\"block-1e6748e9-c7c0-42fc-af62-a5396dfaa416 carousel slide\"\r\n\t\t\tdata-bs-ride=\"carousel\"\r\n\t\t\tdata-bs-touch=\"true\"\r\n\t\t\tdata-bs-pause=\"hover\" \r\n\t\t\tdata-bs-interval=\"4000\"\r\n\t\t>\r\n\t\t\t\r\n\t\t\t\r\n\t\t\t<div class=\"carousel-item active\">\r\n\t\t\t\n\n<div class=\"wp-block-columns is-layout-flex wp-container-core-columns-is-layout-28f84493 wp-block-columns-is-layout-flex\">\n<div class=\"wp-block-column is-layout-flow wp-block-column-is-layout-flow\"><div data-post-id=\"1542\" class=\"insert-page insert-page-1542 \">\n<h1 class=\"wp-block-heading has-text-align-center\"><strong>4 &ndash; 5<\/strong><\/h1>\n\n\n\n<p class=\"has-text-align-center has-contrast-2-color has-text-color has-link-color wp-elements-174b9a493d598461364378b344da4721\"><strong>szerda &ndash; cs&uuml;t&ouml;rt&ouml;k<\/strong><\/p>\n\n\n\n<figure class=\"wp-block-image alignfull size-full\"><img loading=\"lazy\" decoding=\"async\" width=\"351\" height=\"472\" src=\"https:\/\/karrier.ih.gov.hu\/wp-content\/uploads\/2026\/03\/JE04.jpg\" alt=\"JOBVERSE &Aacute;LL&Aacute;SB&Ouml;RZE\" class=\"wp-image-1546\" srcset=\"https:\/\/karrier.ih.gov.hu\/wp-content\/uploads\/2026\/03\/JE04.jpg 351w, https:\/\/karrier.ih.gov.hu\/wp-content\/uploads\/2026\/03\/JE04-223x300.jpg 223w\" sizes=\"auto, (max-width: 351px) 100vw, 351px\"><\/figure>\n\n\n\n<p class=\"has-contrast-2-color has-text-color has-link-color wp-elements-5d729671b34fb813eff06bd4dc38d6f6\"><\/p>\n\n\n\n<h4 class=\"wp-block-heading bold\">JOBVERSE &Aacute;LL&Aacute;SB&Ouml;RZE<\/h4>\n\n\n\n<p class=\"has-contrast-2-color has-text-color has-link-color wp-elements-e60283c4dd39b38b423b738cbaecdd6a\">Budapest<\/p>\n\n\n\n<p class=\"has-contrast-2-color has-text-color has-link-color wp-elements-529f801f96d129356cb392ced349ffef\">BOK &bdquo;A&rdquo; Csarnok (D&oacute;zsa Gy&ouml;rgy &uacute;t 1.)<\/p>\n\n\n\n<p class=\"has-contrast-2-color has-text-color has-link-color wp-elements-13e3df998c0a11065dccef025f9af026\">IH stand: B29<\/p>\n\n\n\n<p class=\"has-contrast-2-color has-text-color has-link-color wp-elements-ede0dfd7257e4a7245258989bd211117\">m&aacute;rcius 4. (szerda) 10:00-19:00<br>m&aacute;rcius 5. (cs&uuml;t.) 10:00-17:00<\/p>\n<\/div><\/div>\n\n\n\n<div class=\"wp-block-column is-layout-flow wp-block-column-is-layout-flow\"><\/div>\n\n\n\n<div class=\"wp-block-column is-layout-flow wp-block-column-is-layout-flow\"><\/div>\n\n\n\n<div class=\"wp-block-column is-layout-flow wp-block-column-is-layout-flow\"><\/div>\n\n\n\n<div class=\"wp-block-column is-layout-flow wp-block-column-is-layout-flow\"><\/div>\n<\/div>\n\n \r\n\t\t<\/div>\n \r\n\t\t\t<div class=\"clearfix\"><\/div>\r\n\t\t<\/div>\r\n\t\n \r\n\t\t\t\t<\/div>\r\n\t\t\t<\/div>\r\n\t\t<\/div>\r\n\t\n \r\n\t\t<\/div>\r\n\t\n \r\n\t\t\t\r\n\t\t<\/div>\r\n\t\n\n\n<p><\/p>\n<\/div>\n\r\n\t\t\t \r\n\t\t<\/div>\r\n\t\n \r\n\t\t<\/div>\r\n\t\n \r\n\t\t\t\r\n\t\t<\/div>\r\n\t","protected":false},"excerpt":{"rendered":"<p>Karrieresem\u00e9nyek<\/p>\n","protected":false},"author":1,"featured_media":0,"parent":0,"menu_order":0,"comment_status":"closed","ping_status":"closed","template":"","meta":{"footnotes":""},"class_list":["post-25","page","type-page","status-publish","hentry"],"_links":{"self":[{"href":"https:\/\/karrier.ih.gov.hu\/index.php\/wp-json\/wp\/v2\/pages\/25","targetHints":{"allow":["GET"]}}],"collection":[{"href":"https:\/\/karrier.ih.gov.hu\/index.php\/wp-json\/wp\/v2\/pages"}],"about":[{"href":"https:\/\/karrier.ih.gov.hu\/index.php\/wp-json\/wp\/v2\/types\/page"}],"author":[{"embeddable":true,"href":"https:\/\/karrier.ih.gov.hu\/index.php\/wp-json\/wp\/v2\/users\/1"}],"replies":[{"embeddable":true,"href":"https:\/\/karrier.ih.gov.hu\/index.php\/wp-json\/wp\/v2\/comments?post=25"}],"version-history":[{"count":21,"href":"https:\/\/karrier.ih.gov.hu\/index.php\/wp-json\/wp\/v2\/pages\/25\/revisions"}],"predecessor-version":[{"id":1240,"href":"https:\/\/karrier.ih.gov.hu\/index.php\/wp-json\/wp\/v2\/pages\/25\/revisions\/1240"}],"wp:attachment":[{"href":"https:\/\/karrier.ih.gov.hu\/index.php\/wp-json\/wp\/v2\/media?parent=25"}],"curies":[{"name":"wp","href":"https:\/\/api.w.org\/{rel}","templated":true}]}}